{"id":199,"date":"2015-01-29T14:34:21","date_gmt":"2015-01-29T14:34:21","guid":{"rendered":"https:\/\/www.jfs.de\/?page_id=199"},"modified":"2025-03-28T14:07:54","modified_gmt":"2025-03-28T14:07:54","slug":"verbindungslehrer","status":"publish","type":"page","link":"https:\/\/www.jfs.de\/?page_id=199","title":{"rendered":"Verbindungslehrkr\u00e4fte"},"content":{"rendered":"<p style=\"text-align: left;\">Die Aufgabe der Verbindungslehrkr\u00e4fte ist es den Sch\u00fclerinnen und Sch\u00fclern als <strong>Ansprechpartner bei Problemen<\/strong> mit Lehrkr\u00e4ften oder Mitsch\u00fclerinnen oder Mitsch\u00fclern zur Verf\u00fcgung zu stehen.<\/p>\nAu\u00dferdem sind sie eng mit der SMV verbunden, beraten und unterst\u00fctzen die Sch\u00fclersprecherinnen und Sch\u00fclersprecher.\n\nDie gew\u00e4hlten Verbindungslehrerin bzw. -Lehrer sind\u00a0<strong>Frau Walter, Frau Balmer und Herr Veil.<\/strong>\n\n<strong><a href=\"https:\/\/www.jfs.de\/wp-content\/uploads\/2023\/10\/verbindungslehrkraefte2324.jpg\"><img loading=\"lazy\" decoding=\"async\" class=\"wp-image-5264 alignnone\" src=\"https:\/\/www.jfs.de\/wp-content\/uploads\/2023\/10\/verbindungslehrkraefte2324.jpg\" alt=\"\" width=\"318\" height=\"420\" \/><\/a><\/strong>","protected":false},"excerpt":{"rendered":"<p>Die Aufgabe der Verbindungslehrkr\u00e4fte ist es den Sch\u00fclerinnen und Sch\u00fclern als Ansprechpartner bei Problemen mit Lehrkr\u00e4ften oder Mitsch\u00fclerinnen oder Mitsch\u00fclern zur Verf\u00fcgung zu stehen. Au\u00dferdem sind sie eng mit der SMV verbunden, beraten und unterst\u00fctzen die Sch\u00fclersprecherinnen und Sch\u00fclersprecher. Die <a class=\"more-link\" href=\"https:\/\/www.jfs.de\/?page_id=199\"><span class=\"screen-reader-text\">  Verbindungslehrkr\u00e4fte<\/span> weiterlesen<span class=\"meta-nav\">&rarr;<\/span><\/a><\/p>\n","protected":false},"author":1,"featured_media":0,"parent":134,"menu_order":0,"comment_status":"closed","ping_status":"closed","template":"","meta":{"footnotes":""},"class_list":["post-199","page","type-page","status-publish","hentry"],"_links":{"self":[{"href":"https:\/\/www.jfs.de\/index.php?rest_route=\/wp\/v2\/pages\/199","targetHints":{"allow":["GET"]}}],"collection":[{"href":"https:\/\/www.jfs.de\/index.php?rest_route=\/wp\/v2\/pages"}],"about":[{"href":"https:\/\/www.jfs.de\/index.php?rest_route=\/wp\/v2\/types\/page"}],"author":[{"embeddable":true,"href":"https:\/\/www.jfs.de\/index.php?rest_route=\/wp\/v2\/users\/1"}],"replies":[{"embeddable":true,"href":"https:\/\/www.jfs.de\/index.php?rest_route=%2Fwp%2Fv2%2Fcomments&post=199"}],"version-history":[{"count":9,"href":"https:\/\/www.jfs.de\/index.php?rest_route=\/wp\/v2\/pages\/199\/revisions"}],"predecessor-version":[{"id":6427,"href":"https:\/\/www.jfs.de\/index.php?rest_route=\/wp\/v2\/pages\/199\/revisions\/6427"}],"up":[{"embeddable":true,"href":"https:\/\/www.jfs.de\/index.php?rest_route=\/wp\/v2\/pages\/134"}],"wp:attachment":[{"href":"https:\/\/www.jfs.de\/index.php?rest_route=%2Fwp%2Fv2%2Fmedia&parent=199"}],"curies":[{"name":"wp","href":"https:\/\/api.w.org\/{rel}","templated":true}]}}